{"id":22050,"date":"2019-10-02T11:29:08","date_gmt":"2019-10-02T09:29:08","guid":{"rendered":"https:\/\/beta.webis.si\/kern\/?page_id=22050"},"modified":"2019-10-02T11:29:09","modified_gmt":"2019-10-02T09:29:09","slug":"o-nama","status":"publish","type":"page","link":"https:\/\/www.kern.si\/sr\/o-nama\/","title":{"rendered":"O nama"},"content":{"rendered":"<div class=\"wpb-content-wrapper\"><p>[vc_row css=&#8220;.vc_custom_1563450058824{padding-top: 100px !important;padding-bottom: 90px !important;}&#8220;][vc_column][vc_custom_heading text=&#8220;Podjetje&#8220; font_container=&#8220;tag:h2|font_size:40|text_align:left&#8220; use_theme_fonts=&#8220;yes&#8220;][vc_separator color=&#8220;sky&#8220; align=&#8220;align_left&#8220; border_width=&#8220;3&#8243; el_width=&#8220;20&#8243; css=&#8220;.vc_custom_1563806546535{margin-left: -20px !important;}&#8220;][vc_empty_space height=&#8220;25&#8243;][vc_row_inner][vc_column_inner width=&#8220;2\/3&#8243;][vc_column_text]<em><strong>Podjetje Kern d.o.o.<\/strong>\u00a0 je visokotehnolo\u0161ko, razvojno, proizvodno in prodajno podjetje, ustanovljeno leta 1969. Ustanovitelj Vladimir Kern je za\u010del s proizvodnjo rezilnih pesti\u010dev. Leta 1988 je njegovo delo prevzel sin Viljem Kern.<\/em><\/p>\n<p><em>Dolgoletni razvoj ter\u00a0vlaganja so nam dovolila, da smo raz\u0161irili na\u0161 proizvodni in\u00a0 prodajni program.\u00a0Danes lahko ponudimo na\u0161im kupcem preko 40.000 standardnih delov za orodja za \u0161tanco, forme in tla\u010dni liv. Kombinacija na\u0161e tradicije in visokotehnolo\u0161kega parka rezultira v vrhunski kakovosti na\u0161ih izdelkov, kratkih dobavnih rokov, velikih zalog, konkuren\u010dnih cen in odli\u010dnega servisa, kar zagotavlja zadovoljstvo\u00a0na\u0161ih kupcev\u00a0 ter izbolj\u0161uje mo\u017enosti vstopa na tr\u017ei\u0161\u010da po vsem svetu.<\/em><\/p>\n<p><em>Eden od\u00a0najpomembnej\u0161ih ciljev podjetja je konstantno vlaganje v nove tehnologije in v usposobljenost zaposlenih. To nam omogo\u010da nenehno izbolj\u0161evanje nivoja\u00a0visokih standardov kakovosti in ravni na\u0161ih storitev, zagotavlja nenehno rast na\u0161ega podjetja, izbolj\u0161uje varnost in delovne pogoje na\u0161ih zaposlenih ter, kar je\u00a0za nas najpomembnej\u0161e, zadovoljstvo na\u0161ih kupcev.<\/em>[\/vc_column_text][\/vc_column_inner][vc_column_inner width=&#8220;1\/3&#8243;][vc_single_image image=&#8220;11539&#8243; img_size=&#8220;full&#8220; alignment=&#8220;center&#8220;][\/vc_column_inner][\/vc_row_inner][\/vc_column][\/vc_row][vc_row cspt-bg-color=&#8220;light&#8220; full_width=&#8220;stretch_row&#8220;][vc_column][vc_row_inner][vc_column_inner width=&#8220;1\/4&#8243;]<div  class=\"creativesplanet-ele creativesplanet-ele-fid creativesplanet-ele-fid-style-2 \"><div class=\"cspt-fld-contents\">\r\n\t<div class=\"cspt-sbox-icon-wrapper\"><i class=\"cspt-enginir-icon cspt-enginir-icon-engineer\"><\/i><\/div>\t<h4 class=\"cspt-fid-inner\">\r\n\t\tS\t\t<span\r\n\t\t\tclass\t\t\t\t  = \"cspt-number-rotate\"\r\n\t\t\tdata-appear-animation = \"animateDigits\"\r\n\t\t\tdata-from             = \"0\"\r\n\t\t\tdata-to               = \"50\"\r\n\t\t\tdata-interval         = \"1\"\r\n\t\t\tdata-before           = \"\"\r\n\t\t\tdata-before-style     = \"\"\r\n\t\t\tdata-after            = \"\"\r\n\t\t\tdata-after-style      = \"\"\r\n\t\t\t>\r\n\t\t\t\t50\t\t<\/span>\r\n\t\t<span class=\"cspt-fid-sub\"><\/span>\r\n\t<\/h4>\r\n\t<h3 class=\"cspt-fid-title\"><span>Let izku\u0161enj<br><\/span><\/h3>\r\n<\/div><!-- .cspt-fld-contents -->\r\n\r\n<\/div>[\/vc_column_inner][vc_column_inner width=&#8220;1\/4&#8243;]<div  class=\"creativesplanet-ele creativesplanet-ele-fid creativesplanet-ele-fid-style-2 \"><div class=\"cspt-fld-contents\">\r\n\t<div class=\"cspt-sbox-icon-wrapper\"><i class=\"cspt-enginir-icon cspt-enginir-icon-branch\"><\/i><\/div>\t<h4 class=\"cspt-fid-inner\">\r\n\t\tTradicija od\t\t<span\r\n\t\t\tclass\t\t\t\t  = \"cspt-number-rotate\"\r\n\t\t\tdata-appear-animation = \"animateDigits\"\r\n\t\t\tdata-from             = \"0\"\r\n\t\t\tdata-to               = \"1969\"\r\n\t\t\tdata-interval         = \"1\"\r\n\t\t\tdata-before           = \"\"\r\n\t\t\tdata-before-style     = \"\"\r\n\t\t\tdata-after            = \"\"\r\n\t\t\tdata-after-style      = \"\"\r\n\t\t\t>\r\n\t\t\t\t1969\t\t<\/span>\r\n\t\t<span class=\"cspt-fid-sub\"><\/span>\r\n\t<\/h4>\r\n\t<h3 class=\"cspt-fid-title\"><span>Leta<br><\/span><\/h3>\r\n<\/div><!-- .cspt-fld-contents -->\r\n\r\n<\/div>[\/vc_column_inner][vc_column_inner width=&#8220;1\/4&#8243;]<div  class=\"creativesplanet-ele creativesplanet-ele-fid creativesplanet-ele-fid-style-2 \"><div class=\"cspt-fld-contents\">\r\n\t<div class=\"cspt-sbox-icon-wrapper\"><i class=\"cspt-enginir-icon cspt-enginir-icon-placeholder-1\"><\/i><\/div>\t<h4 class=\"cspt-fid-inner\">\r\n\t\tPrisotni v\t\t<span\r\n\t\t\tclass\t\t\t\t  = \"cspt-number-rotate\"\r\n\t\t\tdata-appear-animation = \"animateDigits\"\r\n\t\t\tdata-from             = \"0\"\r\n\t\t\tdata-to               = \"3\"\r\n\t\t\tdata-interval         = \"1\"\r\n\t\t\tdata-before           = \"\"\r\n\t\t\tdata-before-style     = \"\"\r\n\t\t\tdata-after            = \"\"\r\n\t\t\tdata-after-style      = \"\"\r\n\t\t\t>\r\n\t\t\t\t3\t\t<\/span>\r\n\t\t<span class=\"cspt-fid-sub\"><\/span>\r\n\t<\/h4>\r\n\t<h3 class=\"cspt-fid-title\"><span>Razli\u010dnih dr\u017eavah<br><\/span><\/h3>\r\n<\/div><!-- .cspt-fld-contents -->\r\n\r\n<\/div>[\/vc_column_inner][vc_column_inner width=&#8220;1\/4&#8243;]<div  class=\"creativesplanet-ele creativesplanet-ele-fid creativesplanet-ele-fid-style-2 \"><div class=\"cspt-fld-contents\">\r\n\t<div class=\"cspt-sbox-icon-wrapper\"><i class=\"cspt-enginir-icon cspt-enginir-icon-car\"><\/i><\/div>\t<h4 class=\"cspt-fid-inner\">\r\n\t\t\u010cez\t\t<span\r\n\t\t\tclass\t\t\t\t  = \"cspt-number-rotate\"\r\n\t\t\tdata-appear-animation = \"animateDigits\"\r\n\t\t\tdata-from             = \"0\"\r\n\t\t\tdata-to               = \"40000\"\r\n\t\t\tdata-interval         = \"1\"\r\n\t\t\tdata-before           = \"\"\r\n\t\t\tdata-before-style     = \"\"\r\n\t\t\tdata-after            = \"\"\r\n\t\t\tdata-after-style      = \"\"\r\n\t\t\t>\r\n\t\t\t\t40000\t\t<\/span>\r\n\t\t<span class=\"cspt-fid-sub\"><\/span>\r\n\t<\/h4>\r\n\t<h3 class=\"cspt-fid-title\"><span>Standardnih kosov<br><\/span><\/h3>\r\n<\/div><!-- .cspt-fld-contents -->\r\n\r\n<\/div>[\/vc_column_inner][\/vc_row_inner][\/vc_column][\/vc_row][vc_row][vc_column][vc_empty_space height=&#8220;90&#8243;][vc_row_inner][vc_column_inner width=&#8220;2\/3&#8243;][vc_custom_heading text=&#8220;Na\u0161a misija&#8220; google_fonts=&#8220;font_family:Oswald%3A300%2Cregular%2C700|font_style:700%20bold%20regular%3A700%3Anormal&#8220; css=&#8220;.vc_custom_1569247659013{margin-bottom: 40px !important;}&#8220;]<div  class=\"creativesplanet-ul-list cspt-ul-type-icon\"><ul><li><i class=\"cspt-globalcolor fa fa-chevron-right\"><\/i> Vlo\u017eiti v dinami\u010den razvoj na\u0161ih zmo\u017enosti in sposobnosti.<\/li><li><i class=\"cspt-globalcolor fa fa-chevron-right\"><\/i> Da kompetentno servisiramo na\u0161e stranke po evropskih merilih kakovosti in odli\u010dnosti.<\/li><li><i class=\"cspt-globalcolor fa fa-chevron-right\"><\/i> Osredoto\u010diti se na rast dodane vrednosti in inovacije za kupca.<\/li><li><i class=\"cspt-globalcolor fa fa-chevron-right\"><\/i> Ohraniti intenziven trend rasti realizacije prodaje z u\u010dinkovitim kombiniranjem linije izdelkov.<\/li><\/ul><\/div>[\/vc_column_inner][vc_column_inner width=&#8220;1\/3&#8243;][vc_custom_heading text=&#8220;Temeljni cilji&#8220; google_fonts=&#8220;font_family:Oswald%3A300%2Cregular%2C700|font_style:700%20bold%20regular%3A700%3Anormal&#8220; css=&#8220;.vc_custom_1569247822909{margin-bottom: 40px !important;}&#8220;][\/vc_column_inner][\/vc_row_inner][vc_empty_space height=&#8220;90&#8243;][\/vc_column][\/vc_row]<\/p>\n<\/div>","protected":false},"excerpt":{"rendered":"<p>[vc_row css=&#8220;.vc_custom_1563450058824{padding-top: 100px !important;padding-bottom: 90px !important;}&#8220;][vc_column][vc_custom_heading text=&#8220;Podjetje&#8220; font_container=&#8220;tag:h2|font_size:40|text_align:left&#8220; use_theme_fonts=&#8220;yes&#8220;][vc_separator color=&#8220;sky&#8220; align=&#8220;align_left&#8220; border_width=&#8220;3&#8243; el_width=&#8220;20&#8243; css=&#8220;.vc_custom_1563806546535{margin-left: -20px !important;}&#8220;][vc_empty_space height=&#8220;25&#8243;][vc_row_inner][vc_column_inner width=&#8220;2\/3&#8243;][vc_column_text]Podjetje Kern d.o.o.\u00a0 je visokotehnolo\u0161ko, razvojno, proizvodno in prodajno podjetje, ustanovljeno leta 1969. Ustanovitelj Vladimir Kern je za\u010del s proizvodnjo rezilnih pesti\u010dev. Leta 1988 je njegovo delo prevzel sin Viljem Kern. Dolgoletni razvoj ter\u00a0vlaganja so nam dovolila, da [&hellip;]<\/p>\n","protected":false},"author":1,"featured_media":0,"parent":0,"menu_order":0,"comment_status":"closed","ping_status":"closed","template":"","meta":{"footnotes":""},"categories":[],"tags":[],"acf":[],"yoast_head":"<!-- This site is optimized with the Yoast SEO plugin v21.7 - https:\/\/yoast.com\/wordpress\/plugins\/seo\/ -->\n<title>O nama - KERN<\/title>\n<meta name=\"robots\" content=\"index, follow, max-snippet:-1, max-image-preview:large, max-video-preview:-1\" \/>\n<link rel=\"canonical\" href=\"https:\/\/www.kern.si\/sr\/o-nama\/\" \/>\n<meta property=\"og:locale\" content=\"sr_RS\" \/>\n<meta property=\"og:type\" content=\"article\" \/>\n<meta property=\"og:title\" content=\"O nama - KERN\" \/>\n<meta property=\"og:description\" content=\"[vc_row css=&#8220;.vc_custom_1563450058824{padding-top: 100px !important;padding-bottom: 90px !important;}&#8220;][vc_column][vc_custom_heading text=&#8220;Podjetje&#8220; font_container=&#8220;tag:h2|font_size:40|text_align:left&#8220; use_theme_fonts=&#8220;yes&#8220;][vc_separator color=&#8220;sky&#8220; align=&#8220;align_left&#8220; border_width=&#8220;3&#8243; el_width=&#8220;20&#8243; css=&#8220;.vc_custom_1563806546535{margin-left: -20px !important;}&#8220;][vc_empty_space height=&#8220;25&#8243;][vc_row_inner][vc_column_inner width=&#8220;2\/3&#8243;][vc_column_text]Podjetje Kern d.o.o.\u00a0 je visokotehnolo\u0161ko, razvojno, proizvodno in prodajno podjetje, ustanovljeno leta 1969. Ustanovitelj Vladimir Kern je za\u010del s proizvodnjo rezilnih pesti\u010dev. Leta 1988 je njegovo delo prevzel sin Viljem Kern. Dolgoletni razvoj ter\u00a0vlaganja so nam dovolila, da [&hellip;]\" \/>\n<meta property=\"og:url\" content=\"https:\/\/www.kern.si\/sr\/o-nama\/\" \/>\n<meta property=\"og:site_name\" content=\"KERN\" \/>\n<meta property=\"article:modified_time\" content=\"2019-10-02T09:29:09+00:00\" \/>\n<meta name=\"twitter:card\" content=\"summary_large_image\" \/>\n<meta name=\"twitter:label1\" content=\"\u041f\u0440\u043e\u0446\u0435\u045a\u0435\u043d\u043e \u0432\u0440\u0435\u043c\u0435 \u0447\u0438\u0442\u0430\u045a\u0430\" \/>\n\t<meta name=\"twitter:data1\" content=\"3 \u043c\u0438\u043d\u0443\u0442\u0430\" \/>\n<script type=\"application\/ld+json\" class=\"yoast-schema-graph\">{\"@context\":\"https:\/\/schema.org\",\"@graph\":[{\"@type\":\"WebPage\",\"@id\":\"https:\/\/www.kern.si\/sr\/o-nama\/\",\"url\":\"https:\/\/www.kern.si\/sr\/o-nama\/\",\"name\":\"O nama - KERN\",\"isPartOf\":{\"@id\":\"https:\/\/www.kern.si\/sr\/#website\"},\"datePublished\":\"2019-10-02T09:29:08+00:00\",\"dateModified\":\"2019-10-02T09:29:09+00:00\",\"breadcrumb\":{\"@id\":\"https:\/\/www.kern.si\/sr\/o-nama\/#breadcrumb\"},\"inLanguage\":\"sr-RS\",\"potentialAction\":[{\"@type\":\"ReadAction\",\"target\":[\"https:\/\/www.kern.si\/sr\/o-nama\/\"]}]},{\"@type\":\"BreadcrumbList\",\"@id\":\"https:\/\/www.kern.si\/sr\/o-nama\/#breadcrumb\",\"itemListElement\":[{\"@type\":\"ListItem\",\"position\":1,\"name\":\"Home\",\"item\":\"https:\/\/www.kern.si\/sr\/\"},{\"@type\":\"ListItem\",\"position\":2,\"name\":\"O nama\"}]},{\"@type\":\"WebSite\",\"@id\":\"https:\/\/www.kern.si\/sr\/#website\",\"url\":\"https:\/\/www.kern.si\/sr\/\",\"name\":\"KERN\",\"description\":\"\",\"potentialAction\":[{\"@type\":\"SearchAction\",\"target\":{\"@type\":\"EntryPoint\",\"urlTemplate\":\"https:\/\/www.kern.si\/sr\/?s={search_term_string}\"},\"query-input\":\"required name=search_term_string\"}],\"inLanguage\":\"sr-RS\"}]}<\/script>\n<!-- \/ Yoast SEO plugin. -->","yoast_head_json":{"title":"O nama - KERN","robots":{"index":"index","follow":"follow","max-snippet":"max-snippet:-1","max-image-preview":"max-image-preview:large","max-video-preview":"max-video-preview:-1"},"canonical":"https:\/\/www.kern.si\/sr\/o-nama\/","og_locale":"sr_RS","og_type":"article","og_title":"O nama - KERN","og_description":"[vc_row css=&#8220;.vc_custom_1563450058824{padding-top: 100px !important;padding-bottom: 90px !important;}&#8220;][vc_column][vc_custom_heading text=&#8220;Podjetje&#8220; font_container=&#8220;tag:h2|font_size:40|text_align:left&#8220; use_theme_fonts=&#8220;yes&#8220;][vc_separator color=&#8220;sky&#8220; align=&#8220;align_left&#8220; border_width=&#8220;3&#8243; el_width=&#8220;20&#8243; css=&#8220;.vc_custom_1563806546535{margin-left: -20px !important;}&#8220;][vc_empty_space height=&#8220;25&#8243;][vc_row_inner][vc_column_inner width=&#8220;2\/3&#8243;][vc_column_text]Podjetje Kern d.o.o.\u00a0 je visokotehnolo\u0161ko, razvojno, proizvodno in prodajno podjetje, ustanovljeno leta 1969. Ustanovitelj Vladimir Kern je za\u010del s proizvodnjo rezilnih pesti\u010dev. Leta 1988 je njegovo delo prevzel sin Viljem Kern. Dolgoletni razvoj ter\u00a0vlaganja so nam dovolila, da [&hellip;]","og_url":"https:\/\/www.kern.si\/sr\/o-nama\/","og_site_name":"KERN","article_modified_time":"2019-10-02T09:29:09+00:00","twitter_card":"summary_large_image","twitter_misc":{"\u041f\u0440\u043e\u0446\u0435\u045a\u0435\u043d\u043e \u0432\u0440\u0435\u043c\u0435 \u0447\u0438\u0442\u0430\u045a\u0430":"3 \u043c\u0438\u043d\u0443\u0442\u0430"},"schema":{"@context":"https:\/\/schema.org","@graph":[{"@type":"WebPage","@id":"https:\/\/www.kern.si\/sr\/o-nama\/","url":"https:\/\/www.kern.si\/sr\/o-nama\/","name":"O nama - KERN","isPartOf":{"@id":"https:\/\/www.kern.si\/sr\/#website"},"datePublished":"2019-10-02T09:29:08+00:00","dateModified":"2019-10-02T09:29:09+00:00","breadcrumb":{"@id":"https:\/\/www.kern.si\/sr\/o-nama\/#breadcrumb"},"inLanguage":"sr-RS","potentialAction":[{"@type":"ReadAction","target":["https:\/\/www.kern.si\/sr\/o-nama\/"]}]},{"@type":"BreadcrumbList","@id":"https:\/\/www.kern.si\/sr\/o-nama\/#breadcrumb","itemListElement":[{"@type":"ListItem","position":1,"name":"Home","item":"https:\/\/www.kern.si\/sr\/"},{"@type":"ListItem","position":2,"name":"O nama"}]},{"@type":"WebSite","@id":"https:\/\/www.kern.si\/sr\/#website","url":"https:\/\/www.kern.si\/sr\/","name":"KERN","description":"","potentialAction":[{"@type":"SearchAction","target":{"@type":"EntryPoint","urlTemplate":"https:\/\/www.kern.si\/sr\/?s={search_term_string}"},"query-input":"required name=search_term_string"}],"inLanguage":"sr-RS"}]}},"_links":{"self":[{"href":"https:\/\/www.kern.si\/sr\/wp-json\/wp\/v2\/pages\/22050"}],"collection":[{"href":"https:\/\/www.kern.si\/sr\/wp-json\/wp\/v2\/pages"}],"about":[{"href":"https:\/\/www.kern.si\/sr\/wp-json\/wp\/v2\/types\/page"}],"author":[{"embeddable":true,"href":"https:\/\/www.kern.si\/sr\/wp-json\/wp\/v2\/users\/1"}],"replies":[{"embeddable":true,"href":"https:\/\/www.kern.si\/sr\/wp-json\/wp\/v2\/comments?post=22050"}],"version-history":[{"count":1,"href":"https:\/\/www.kern.si\/sr\/wp-json\/wp\/v2\/pages\/22050\/revisions"}],"predecessor-version":[{"id":22053,"href":"https:\/\/www.kern.si\/sr\/wp-json\/wp\/v2\/pages\/22050\/revisions\/22053"}],"wp:attachment":[{"href":"https:\/\/www.kern.si\/sr\/wp-json\/wp\/v2\/media?parent=22050"}],"wp:term":[{"taxonomy":"category","embeddable":true,"href":"https:\/\/www.kern.si\/sr\/wp-json\/wp\/v2\/categories?post=22050"},{"taxonomy":"post_tag","embeddable":true,"href":"https:\/\/www.kern.si\/sr\/wp-json\/wp\/v2\/tags?post=22050"}],"curies":[{"name":"wp","href":"https:\/\/api.w.org\/{rel}","templated":true}]}}